{"id":5271,"date":"2021-06-15T11:01:27","date_gmt":"2021-06-15T11:01:27","guid":{"rendered":"https:\/\/bon.de\/?page_id=5271"},"modified":"2021-06-30T06:23:40","modified_gmt":"2021-06-30T06:23:40","slug":"events","status":"publish","type":"page","link":"https:\/\/bon.de\/en\/events\/","title":{"rendered":"Events"},"content":{"rendered":"<div class=\"wpb-content-wrapper\"><p>[vc_row][vc_column]<div class=\"events_list_section add_row_class\" row_class=\"events_list_section-row\"><div class=\"events-listing\"><div class=\"event-item\"><div class=\"event-item-inner clearfix\"><div class=\"event-item-image lazy-background\" data-src=\"https:\/\/bon.de\/wp-content\/uploads\/2026\/07\/Symbolbild-Screening-Untersuchung_DRSplus.jpg\"><a class=\"anchor_overlay\" href=\"\" target=\"\"><\/a><\/div><div class=\"event-item-details\"><div><h3>Das SKLEO Screening Event im September<\/h3><div class=\"event_date\">17.09.2026<\/div><div class=\"event-description\"><p>Informationsabend mit Skleo, Hoya, DAO, Topcon und bon.<br \/>\nIm Mittelpunkt des Abends steht ganz klar das Thema Screening.<br \/>\nAuf dem Programm stehen zudem Fachvortr\u00e4ge von \u00c4rzten zu Vorsorge und Screening, Versicherungen, sowie ein Beitrag zum Myopie-Management.<\/p>\n<p>Veranstaltungsort:<br \/>\nSKLEO, Duisburger Stra0e 44, 40477 D\u00fcsseldorf<\/p>\n<p>Die Veranstaltung beginnt ab 16:00 Uhr<\/p>\n<\/div><\/div><\/div><\/div><div class=\"box_view_loader animate\"><\/div><\/div><div class=\"event-item\"><div class=\"event-item-inner clearfix\"><div class=\"event-item-image lazy-background\" data-src=\"https:\/\/bon.de\/wp-content\/uploads\/2022\/03\/DOG-Logo-2.jpg\"><a class=\"anchor_overlay\" href=\"https:\/\/dog-kongress.de\/\" target=\"_blank\"><\/a><\/div><div class=\"event-item-details\"><div><h3>DOG<\/h3><div class=\"event_date\">24. - 27.09.2026<\/div><div class=\"event-description\"><p>Der Kongress der Deutschen Ophthalmologischen Gesellschaft im Estrel Hotel und Kongresszentrum, Berlin <\/p>\n<p>Sie finden uns dieses Mal im <strong>Saal &#8220;Europa&#8221; am Stand E.18<\/strong><\/p>\n<p><!-- Sie finden uns <strong>in Halle 2 am Stand H.05<\/strong> --><\/p>\n<\/div><div class=\"event-url-item\"><a href=\"https:\/\/dog-kongress.de\/\" target=\"_blank\">www.dog-kongress.de<\/a><\/div><\/div><\/div><\/div><div class=\"box_view_loader animate\"><\/div><\/div><div class=\"event-item\"><div class=\"event-item-inner clearfix\"><div class=\"event-item-image lazy-background\" data-src=\"https:\/\/bon.de\/wp-content\/uploads\/2026\/07\/Diabetologen-Hessen-eG.jpg\"><a class=\"anchor_overlay\" href=\"https:\/\/www.diabetologen-hessen.de\/\" target=\"_blank\"><\/a><\/div><div class=\"event-item-details\"><div><h3>Diabetologie Fortbildung<\/h3><div class=\"event_date\">07.10.2026<\/div><div class=\"event-description\"><p>Fortbildungveranstaltung der Diabetologen Hessen eG<\/p>\n<p>\u201eUpdate Therapieoptionen DMP Diabetes mellitus Typ 1\u201c<br \/>\nReferentin: Dr. med. Antje Allendorf,<br \/>\nF\u00c4 Kinder- und Jugendmedizin Universit\u00e4tsklinikum Frankfurt<\/p>\n<p>Veranstaltungsort:<br \/>\nHofgut Kronenhof, Zeppelinstr. 10, 61352 Bad Homburg<\/p>\n<p>ca. 15:30 bis 17:30 Uhr<\/p>\n<\/div><div class=\"event-url-item\"><a href=\"https:\/\/www.diabetologen-hessen.de\/\" target=\"_blank\">www.diabetologen-hessen.de<\/a><\/div><\/div><\/div><\/div><div class=\"box_view_loader animate\"><\/div><\/div><div class=\"event-item\"><div class=\"event-item-inner clearfix\"><div class=\"event-item-image lazy-background\" data-src=\"https:\/\/bon.de\/wp-content\/uploads\/2022\/03\/VDCO_Sicht-Kontakte.jpg\"><a class=\"anchor_overlay\" href=\"https:\/\/www.sichtkontakte.de\/\" target=\"\"><\/a><\/div><div class=\"event-item-details\"><div><h3>VDCO Sicht.Kontakte<\/h3><div class=\"event_date\">09.10. - 11.10.2026<\/div><div class=\"event-description\"><p>Die Fortbildungsveranstaltung der Vereinigung Deutscher Contactlinsen-Spezialisten und Optometristen (VDCO) e.V. findet in diesem Jahr im Herzen Berlins statt.<\/p>\n<p>&#8211; VDCO-Jahreskongress und Industrieausstellung von Freitag bis Samstag<br \/>\n&#8211; Praxis-Tag der IVBS und ZVA-Obermeistertagung am Samstag<br \/>\n&#8211; Tag der Optometrie am Sonntag.<\/p>\n<p>Veranstaltungsort:<br \/>\nTitanic Chaussee Hotel<br \/>\nChausseestra\u00dfe 30<br \/>\n10115 Berlin<\/p>\n<\/div><div class=\"event-url-item\"><a href=\"https:\/\/www.sichtkontakte.de\/\" target=\"\">www.sichtkontakte.de<\/a><\/div><\/div><\/div><\/div><div class=\"box_view_loader animate\"><\/div><\/div><div class=\"event-item\"><div class=\"event-item-inner clearfix\"><div class=\"event-item-image lazy-background\" data-src=\"https:\/\/bon.de\/wp-content\/uploads\/2022\/12\/bayern.png\"><a class=\"anchor_overlay\" href=\"https:\/\/bayerische-herbstakademie.de\/\" target=\"_blank\"><\/a><\/div><div class=\"event-item-details\"><div><h3>Bayerische Herbstakademie<\/h3><div class=\"event_date\">17.10.2026<\/div><div class=\"event-description\"><p>Die 15. Bayerische Herbstakademie wird von der Universit\u00e4ts-Augenklinik Erlangen VISTANET GmbH &#038; Co. KG veranstaltet.<\/p>\n<p>Veranstaltungsort:<br \/>\nWelcome Kongresshotel, Mu\u00dfstra\u00dfe 7, 96047 Bamberg<\/p>\n<\/div><div class=\"event-url-item\"><a href=\"https:\/\/bayerische-herbstakademie.de\/\" target=\"_blank\">www.bayerische-herbstakademie.de<\/a><\/div><\/div><\/div><\/div><div class=\"box_view_loader animate\"><\/div><\/div><div class=\"event-item\"><div class=\"event-item-inner clearfix\"><div class=\"event-item-image lazy-background\" data-src=\"https:\/\/bon.de\/wp-content\/uploads\/2026\/07\/ARTEMIS-Augenkliniken-Veranstaltungsbild.jpg\"><a class=\"anchor_overlay\" href=\"http:\/\/www.artemiskliniken.de\/symposium\" target=\"_blank\"><\/a><\/div><div class=\"event-item-details\"><div><h3>ARTEMIS Symposium in Frankfurt am Main\u00a0<\/h3><div class=\"event_date\">28.10.2026<\/div><div class=\"event-description\"><p>Die ARTEMIS Gruppe l\u00e4dt zu ihrem 28. Ophthalmologischen Fachkongress in das Literaturhaus Frankfurt ein.<\/p>\n<p>Im Rahmen dieses Events erwarten die Teilnehmer sieben hochkar\u00e4tige Fachvortr\u00e4ge zu bew\u00e4hrten Methoden und neuen Trends in der Augenheilkunde, die von Herrn Prof. Dr. Dr. Nils Loewen und Herrn Dr. Lorenz Barleon geleitet werden.<\/p>\n<\/div><div class=\"event-url-item\"><a href=\"http:\/\/www.artemiskliniken.de\/symposium\" target=\"_blank\">www.artemiskliniken.de\/symposium<\/a><\/div><\/div><\/div><\/div><div class=\"box_view_loader animate\"><\/div><\/div><div class=\"event-item\"><div class=\"event-item-inner clearfix\"><div class=\"event-item-image lazy-background\" data-src=\"https:\/\/bon.de\/wp-content\/uploads\/2025\/04\/perfectmatch4zu5.jpg\"><a class=\"anchor_overlay\" href=\"http:\/\/www.artemiskliniken.de\/symposium\" target=\"_blank\"><\/a><\/div><div class=\"event-item-details\"><div><h3>Perfect match &#8211; Fachkompetenz trifft auf KI<\/h3><div class=\"event-description\"><p>&nbsp;<\/p>\n<p>Die beliebte Screening-Seminarreihe von und mit Petra Lindner<\/p>\n<p><strong>Die Kommunikation mit dem Kunden<br \/>\nist entscheidend bei der Netzhautanalyse!<\/strong><\/p>\n<p>Hier erfahren Sie, wie die ILLUME Berichte richtig interpretiert und kommuniziert werden.<br \/>\nDurch den Aufbau und die Auffrischung Ihrer eigenen Kompetenzen gewinnen Sie Sicherheit im Umgang mit dem Augen-Gesundheits-Check.<\/p>\n<p>aktuelle Termine vor Ort bei <strong>bon<\/strong> in L\u00fcbeck und Online<\/p>\n<p><strong>Reihe 1 (rein online)<\/strong><br \/>\n28.09 09 &#8211; 11.00 Uhr<br \/>\n05.10 09 &#8211; 11.00 Uhr<br \/>\n12.10 09 &#8211; 10.30 Uhr<br \/>\n19.10 09 &#8211; 10.30 Uhr<br \/>\n26.10 09 &#8211; 10.30 Uhr<br \/>\n02.11 09 &#8211; 10.30 Uhr<\/p>\n<p><strong>Reihe 2 (mit Pr\u00e4senzterminen)<\/strong><br \/>\n07.10 13 &#8211; 17.00 Uhr in L\u00fcbeck<br \/>\n08.10 09 &#8211; 13.00 Uhr in L\u00fcbeck<br \/>\n12.10 09 &#8211; 10.30 Uhr online<br \/>\n19.10 09 &#8211; 10.30 Uhr online<br \/>\n26.10 09 &#8211; 10.30 Uhr online<br \/>\n02.11 09 &#8211; 10.30 Uhr online<\/p>\n<p>Infos und Anmeldungen jederzeit unter <a href=\"mailto:seminare@bon.de\">seminare@bon.de<\/a><\/p>\n<\/div><\/div><\/div><\/div><div class=\"box_view_loader animate\"><\/div><\/div><div class=\"event-item\"><div class=\"event-item-inner clearfix\"><div class=\"event-item-image lazy-background\" data-src=\"https:\/\/bon.de\/wp-content\/uploads\/2026\/07\/ViDia-Klinikem-Logo.jpg\"><a class=\"anchor_overlay\" href=\"http:\/\/www.artemiskliniken.de\/symposium\" target=\"_blank\"><\/a><\/div><div class=\"event-item-details\"><div><h3>ViDia Augen\u00e4rzteabend<\/h3><div class=\"event_date\">04.11.2026<\/div><div class=\"event-description\"><p>Augen\u00e4rzteabend der ViDia Augenklinik Karlsruhe<\/p>\n<p>Vortragsprogramm:<br \/>\n\u2022 Update AMD<br \/>\n\u2022 Retina \u2013 Moderne Diagnostik<br \/>\n\u2022 Mix &amp; Match \u2013 Individuelle Linsenstrategien in der Kataraktchirurgie<\/p>\n<\/div><\/div><\/div><\/div><div class=\"box_view_loader animate\"><\/div><\/div><div class=\"event-item\"><div class=\"event-item-inner clearfix\"><div class=\"event-item-image lazy-background\" data-src=\"https:\/\/bon.de\/wp-content\/uploads\/2022\/12\/UKD-1.png\"><a class=\"anchor_overlay\" href=\"https:\/\/www.uniklinik-duesseldorf.de\/patienten-besucher\/klinikeninstitutezentren\/klinik-fuer-augenheilkunde\/fuer-aerzte\/veranstaltungen-und-kurse\" target=\"_blank\"><\/a><\/div><div class=\"event-item-details\"><div><h3>Cornea 26<\/h3><div class=\"event_date\">06.11. - 07.11.2026<\/div><div class=\"event-description\"><p><strong>Glaukom und Hornhauterkrankungen im Fokus<\/strong><\/p>\n<p>Freitag: Meisterkurs Glaukom-Chirurgie <br \/>in der O.A.S.E. (UKD Campus)<\/p>\n<p>Samstag: 16. D\u00fcsseldorfer Hornhauttag <br \/>in der Orangerie am Schloss Benrath<\/p>\n<\/div><div class=\"event-url-item\"><a href=\"https:\/\/www.uniklinik-duesseldorf.de\/patienten-besucher\/klinikeninstitutezentren\/klinik-fuer-augenheilkunde\/fuer-aerzte\/veranstaltungen-und-kurse\" target=\"_blank\">www.uniklinik-duesseldorf.de<\/a><\/div><\/div><\/div><\/div><div class=\"box_view_loader animate\"><\/div><\/div><div class=\"event-item\"><div class=\"event-item-inner clearfix\"><div class=\"event-item-image lazy-background\" data-src=\"https:\/\/bon.de\/wp-content\/uploads\/2026\/07\/Augen-Diagnostik-Congresse-Detmold.jpg\"><a class=\"anchor_overlay\" href=\"https:\/\/www.augendiagnostik-und-congresse.de\/\" target=\"_blank\"><\/a><\/div><div class=\"event-item-details\"><div><h3>24. Detmolder Fortbildung<\/h3><div class=\"event_date\">21.11.2026<\/div><div class=\"event-description\"><p>Augen\u00e4rztliche Fortbildung mit IVOM-Zertifizierungskurs und aktuellen Erkenntnissen aus der Augenheilkunde<\/p>\n<p>Eine Veranstaltung der AugenDiagnostik&#038;Congresse Detmold GmbH<br \/>\nAdresse: Robert-Koch-Str. 2, 32756 Detmold<\/p>\n<\/div><div class=\"event-url-item\"><a href=\"https:\/\/www.augendiagnostik-und-congresse.de\/\" target=\"_blank\">www.augendiagnostik-und-congresse.de<\/a><\/div><\/div><\/div><\/div><div class=\"box_view_loader animate\"><\/div><\/div><div class=\"event-item\"><div class=\"event-item-inner clearfix\"><div class=\"event-item-image lazy-background\" data-src=\"https:\/\/bon.de\/wp-content\/uploads\/2026\/07\/Diabetologen-Hessen-eG.jpg\"><a class=\"anchor_overlay\" href=\"https:\/\/www.diabetologen-hessen.de\/\" target=\"_blank\"><\/a><\/div><div class=\"event-item-details\"><div><h3>Post DDG<\/h3><div class=\"event_date\">25.11.2026<\/div><div class=\"event-description\"><p>Fortbildungveranstaltung der Diabetologen Hessen eG<\/p>\n<p>Unter anderem mit dem Thema &#8220;Fr\u00fcherkennung Diabetische Retinopathie&#8221;<br \/>\nReferentin: Frau Dr. v. Lepel, Augen\u00e4rztin, Gie\u00dfen<\/p>\n<p>Veranstaltungsort:<br \/>\nGesundheitszentrum Martinshof, Gie\u00dfen<\/p>\n<\/div><div class=\"event-url-item\"><a href=\"https:\/\/www.diabetologen-hessen.de\/\" target=\"_blank\">www.diabetologen-hessen.de<\/a><\/div><\/div><\/div><\/div><div class=\"box_view_loader animate\"><\/div><\/div><div class=\"event-item\"><div class=\"event-item-inner clearfix\"><div class=\"event-item-image lazy-background\" data-src=\"https:\/\/bon.de\/wp-content\/uploads\/2022\/03\/OPTI.jpg\"><a class=\"anchor_overlay\" href=\"https:\/\/www.opti.de\/de\/p\/bon-optic.135124\" target=\"_blank\"><\/a><\/div><div class=\"event-item-details\"><div><h3>OPTI<\/h3><div class=\"event_date\">29.01. - 31.01.2027<\/div><div class=\"event-description\"><p>Die internationale Messe f\u00fcr Augenoptik &amp; Design<br \/>\nwie immer auf dem Messegel\u00e4nde in M\u00fcnchen.<\/p>\n<p><!---\n<strong>Sie finden uns wieder in Halle C4 an Stand Nr. 111.<\/strong>\n&nbsp;\n\nUnsere <strong>Veranstaltungstipps<\/strong> f\u00fcr die OPTI:\n\n\"<strong>Trockene Augen ganz praktisch: Was wirklich hilft<\/strong>\"\nmit Prof. Dr. Heiko Pult,\nSamstag, 17. Januar 2026 11:00 - 11:45 Uhr, <strong>Raum C22<\/strong>\n\n\"<strong>iCare CONNECT verbindet Experten:\nOptiker &amp; Augenarzt - smart vernetzt.<\/strong>\"\nmit Petra Lindner und Dr. med. Per Heuvels,\nSamstag, den 17. Januar <strong>und<\/strong> Sonntag, den 18. Januar \njeweils von 11:00 bis 11:45 Uhr in <strong>Raum C31<\/strong>\n\n<strong>kostenfrei<\/strong> und ohne Anmeldung!\n\n--><\/p>\n<\/div><div class=\"event-url-item\"><a href=\"https:\/\/www.opti.de\/de\/p\/bon-optic.135124\" target=\"_blank\">www.opti.de<\/a><\/div><\/div><\/div><\/div><div class=\"box_view_loader animate\"><\/div><\/div><div class=\"event-item\"><div class=\"event-item-inner clearfix\"><div class=\"event-item-image lazy-background\" data-src=\"https:\/\/bon.de\/wp-content\/uploads\/2023\/01\/DGII.jpg\"><a class=\"anchor_overlay\" href=\"https:\/\/www.dgii.org\/de\/\" target=\"_blank\"><\/a><\/div><div class=\"event-item-details\"><div><h3>DGII<\/h3><div class=\"event_date\">19.02. - 20.02.2027<\/div><div class=\"event-description\"><p>Tagung der Deutschsprachigen Gesellschaft f\u00fcr Intraokularlinsen-Implantation, interventionelle und refraktive Chirurgie (DGII)<\/p>\n<p>im Heidelberg Congress Center<\/p>\n<\/div><div class=\"event-url-item\"><a href=\"https:\/\/www.dgii.org\/de\/\" target=\"_blank\">www.dgii.org<\/a><\/div><\/div><\/div><\/div><div class=\"box_view_loader animate\"><\/div><\/div><div class=\"event-item\"><div class=\"event-item-inner clearfix\"><div class=\"event-item-image lazy-background\" data-src=\"https:\/\/bon.de\/wp-content\/uploads\/2024\/04\/Eventbild_Dry-Eye-Days.jpg\"><a class=\"anchor_overlay\" href=\"tel:+49451809000\" target=\"\"><\/a><\/div><div class=\"event-item-details\"><div><h3>Dry Eye Days<\/h3><div class=\"event_date\">09.04. - 10.04.2027<\/div><div class=\"event-description\"><p><strong>Die bon Dry Eye Days 2027<\/strong><br \/>\nwieder im Tagungshotel \u201eFREIgeist\u201c in Northeim<\/p>\n<p>An zwei spannenden Tagen erfahren Sie, wie Sie erfolgreich eine spezialisierte Dry Eye-Sprechstunde etablieren: Erfahrene Kollegen verraten Ihnen, wie sie Diagnostik, Abrechnung, Patientenkommunikation &amp; Praxisorganisation perfekt kombinieren.<br \/>\n&#8211; Wertvolles Wissen, Erfahrung und Inspiration f\u00fcr alle Augen\u00e4rzte, Fachpersonal, Praxismanager und Entscheidungstr\u00e4ger!<\/p>\n<p><!--<strong>\nDie Dry Eye Days sind mit 6 CME Punkten zertifiziert!\n\u25cf\u25cf\u25cf\u25cf\u25cf\u25cf<\/strong>\n--><\/p>\n<p>\u25cf\u25cf\u25cf\u25cf\u25cf\u25cf CME Punkte wurden beantragt<\/p>\n<p><!--\n<strong>TIPP:<\/strong> Bis zum 30.11.2026 anmelden\nund <strong>Fr\u00fchbucher-Rabatt<\/strong> sichern!\n--><\/p>\n<p><strong>\u25ba Infos und Anmeldungen unter 0451 80 9000<br \/>\nund per Mail an <a href=\"mailto:seminare@bon.de\">seminare@bon.de<\/a><\/strong><\/p>\n<\/div><div class=\"event-url-item\"><a href=\"tel:+49451809000\" target=\"\"><\/a><\/div><\/div><\/div><\/div><div class=\"box_view_loader animate\"><\/div><\/div><div class=\"event-item\"><div class=\"event-item-inner clearfix\"><div class=\"event-item-image lazy-background\" data-src=\"https:\/\/bon.de\/wp-content\/uploads\/2021\/10\/DOC.jpg\"><a class=\"anchor_overlay\" href=\"http:\/\/www.doc-nuernberg.de\" target=\"_blank\"><\/a><\/div><div class=\"event-item-details\"><div><h3>DOC<\/h3><div class=\"event_date\">10.06. - 12.06.2027<\/div><div class=\"event-description\"><p><strong>Internationaler Kongress der<\/strong><br \/>\n<strong>Deutschen Ophthalmochirurgen (DOC)<\/strong><\/p>\n<p>im N\u00fcrnberg Convention Center, NCC Ost<\/p>\n<p><!--\nBesuchen Sie uns in Halle 7A an Stand B11!\n--!\n<\/p>\n<\/div><div class=\"event-url-item\"><a href=\"http:\/\/www.doc-nuernberg.de\" target=\"_blank\">www.doc-nuernberg.de<\/a><\/div><\/div><\/div><\/div><div class=\"box_view_loader animate\"><\/div><\/div><\/div><div class=\"posts-pagination clearfix\"><div class=\"nav-links\"><\/div><\/div><\/div>[\/vc_column][\/vc_row]<\/p>\n<\/div>","protected":false},"excerpt":{"rendered":"<p>[vc_row][vc_column][\/vc_column][\/vc_row]<\/p>\n","protected":false},"author":4,"featured_media":0,"parent":0,"menu_order":0,"comment_status":"closed","ping_status":"closed","template":"","meta":{"_acf_changed":false,"inline_featured_image":false,"footnotes":""},"class_list":["post-5271","page","type-page","status-publish","hentry"],"acf":[],"yoast_head":"<!-- This site is optimized with the Yoast SEO plugin v28.2 - https:\/\/yoast.com\/product\/yoast-seo-wordpress\/ -->\n<title>Events - bon Optic - Partner auf Augenh\u00f6he<\/title>\n<meta name=\"robots\" content=\"index, follow, max-snippet:-1, max-image-preview:large, max-video-preview:-1\" \/>\n<link rel=\"canonical\" href=\"https:\/\/bon.de\/events\/\" \/>\n<meta property=\"og:locale\" content=\"en_US\" \/>\n<meta property=\"og:type\" content=\"article\" \/>\n<meta property=\"og:title\" content=\"Events - bon Optic - Partner auf Augenh\u00f6he\" \/>\n<meta property=\"og:description\" content=\"[vc_row][vc_column][\/vc_column][\/vc_row]\" \/>\n<meta property=\"og:url\" content=\"https:\/\/bon.de\/events\/\" \/>\n<meta property=\"og:site_name\" content=\"bon Optic - Partner auf Augenh\u00f6he\" \/>\n<meta property=\"article:modified_time\" content=\"2021-06-30T06:23:40+00:00\" \/>\n<meta property=\"og:image\" content=\"https:\/\/bon.de\/wp-content\/uploads\/2021\/06\/bon-Logo_512x512px.png\" \/>\n\t<meta property=\"og:image:width\" content=\"512\" \/>\n\t<meta property=\"og:image:height\" content=\"512\" \/>\n\t<meta property=\"og:image:type\" content=\"image\/png\" \/>\n<meta name=\"twitter:card\" content=\"summary_large_image\" \/>\n<meta name=\"twitter:label1\" content=\"Est. reading time\" \/>\n\t<meta name=\"twitter:data1\" content=\"1 minute\" \/>\n<script type=\"application\/ld+json\" class=\"yoast-schema-graph\">{\"@context\":\"https:\\\/\\\/schema.org\",\"@graph\":[{\"@type\":\"WebPage\",\"@id\":\"https:\\\/\\\/bon.de\\\/events\\\/\",\"url\":\"https:\\\/\\\/bon.de\\\/events\\\/\",\"name\":\"Events - bon Optic - Partner auf Augenh\u00f6he\",\"isPartOf\":{\"@id\":\"https:\\\/\\\/bon.de\\\/#website\"},\"datePublished\":\"2021-06-15T11:01:27+00:00\",\"dateModified\":\"2021-06-30T06:23:40+00:00\",\"breadcrumb\":{\"@id\":\"https:\\\/\\\/bon.de\\\/events\\\/#breadcrumb\"},\"inLanguage\":\"en-US\",\"potentialAction\":[{\"@type\":\"ReadAction\",\"target\":[\"https:\\\/\\\/bon.de\\\/events\\\/\"]}]},{\"@type\":\"BreadcrumbList\",\"@id\":\"https:\\\/\\\/bon.de\\\/events\\\/#breadcrumb\",\"itemListElement\":[{\"@type\":\"ListItem\",\"position\":1,\"name\":\"Home\",\"item\":\"https:\\\/\\\/bon.de\\\/en\\\/\"},{\"@type\":\"ListItem\",\"position\":2,\"name\":\"Events\"}]},{\"@type\":\"WebSite\",\"@id\":\"https:\\\/\\\/bon.de\\\/#website\",\"url\":\"https:\\\/\\\/bon.de\\\/\",\"name\":\"bon Optic - Partner auf Augenh\u00f6he\",\"description\":\"\",\"publisher\":{\"@id\":\"https:\\\/\\\/bon.de\\\/#organization\"},\"potentialAction\":[{\"@type\":\"SearchAction\",\"target\":{\"@type\":\"EntryPoint\",\"urlTemplate\":\"https:\\\/\\\/bon.de\\\/?s={search_term_string}\"},\"query-input\":{\"@type\":\"PropertyValueSpecification\",\"valueRequired\":true,\"valueName\":\"search_term_string\"}}],\"inLanguage\":\"en-US\"},{\"@type\":\"Organization\",\"@id\":\"https:\\\/\\\/bon.de\\\/#organization\",\"name\":\"bon Optic Vertriebsgesellschaft mbH\",\"url\":\"https:\\\/\\\/bon.de\\\/\",\"logo\":{\"@type\":\"ImageObject\",\"inLanguage\":\"en-US\",\"@id\":\"https:\\\/\\\/bon.de\\\/#\\\/schema\\\/logo\\\/image\\\/\",\"url\":\"https:\\\/\\\/bon.de\\\/wp-content\\\/uploads\\\/2021\\\/06\\\/bon-Logo_512x512px.png\",\"contentUrl\":\"https:\\\/\\\/bon.de\\\/wp-content\\\/uploads\\\/2021\\\/06\\\/bon-Logo_512x512px.png\",\"width\":512,\"height\":512,\"caption\":\"bon Optic Vertriebsgesellschaft mbH\"},\"image\":{\"@id\":\"https:\\\/\\\/bon.de\\\/#\\\/schema\\\/logo\\\/image\\\/\"},\"sameAs\":[\"https:\\\/\\\/www.linkedin.com\\\/company\\\/bon-optic-vertriebsgesellschaft-mbh\\\/\",\"https:\\\/\\\/www.youtube.com\\\/channel\\\/UCSURhENDItKaH88bvn8LlcA\"]}]}<\/script>\n<!-- \/ Yoast SEO plugin. -->","yoast_head_json":{"title":"Events - bon Optic - Partner auf Augenh\u00f6he","robots":{"index":"index","follow":"follow","max-snippet":"max-snippet:-1","max-image-preview":"max-image-preview:large","max-video-preview":"max-video-preview:-1"},"canonical":"https:\/\/bon.de\/events\/","og_locale":"en_US","og_type":"article","og_title":"Events - bon Optic - Partner auf Augenh\u00f6he","og_description":"[vc_row][vc_column][\/vc_column][\/vc_row]","og_url":"https:\/\/bon.de\/events\/","og_site_name":"bon Optic - Partner auf Augenh\u00f6he","article_modified_time":"2021-06-30T06:23:40+00:00","og_image":[{"width":512,"height":512,"url":"https:\/\/bon.de\/wp-content\/uploads\/2021\/06\/bon-Logo_512x512px.png","type":"image\/png"}],"twitter_card":"summary_large_image","twitter_misc":{"Est. reading time":"1 minute"},"schema":{"@context":"https:\/\/schema.org","@graph":[{"@type":"WebPage","@id":"https:\/\/bon.de\/events\/","url":"https:\/\/bon.de\/events\/","name":"Events - bon Optic - Partner auf Augenh\u00f6he","isPartOf":{"@id":"https:\/\/bon.de\/#website"},"datePublished":"2021-06-15T11:01:27+00:00","dateModified":"2021-06-30T06:23:40+00:00","breadcrumb":{"@id":"https:\/\/bon.de\/events\/#breadcrumb"},"inLanguage":"en-US","potentialAction":[{"@type":"ReadAction","target":["https:\/\/bon.de\/events\/"]}]},{"@type":"BreadcrumbList","@id":"https:\/\/bon.de\/events\/#breadcrumb","itemListElement":[{"@type":"ListItem","position":1,"name":"Home","item":"https:\/\/bon.de\/en\/"},{"@type":"ListItem","position":2,"name":"Events"}]},{"@type":"WebSite","@id":"https:\/\/bon.de\/#website","url":"https:\/\/bon.de\/","name":"bon Optic - Partner auf Augenh\u00f6he","description":"","publisher":{"@id":"https:\/\/bon.de\/#organization"},"potentialAction":[{"@type":"SearchAction","target":{"@type":"EntryPoint","urlTemplate":"https:\/\/bon.de\/?s={search_term_string}"},"query-input":{"@type":"PropertyValueSpecification","valueRequired":true,"valueName":"search_term_string"}}],"inLanguage":"en-US"},{"@type":"Organization","@id":"https:\/\/bon.de\/#organization","name":"bon Optic Vertriebsgesellschaft mbH","url":"https:\/\/bon.de\/","logo":{"@type":"ImageObject","inLanguage":"en-US","@id":"https:\/\/bon.de\/#\/schema\/logo\/image\/","url":"https:\/\/bon.de\/wp-content\/uploads\/2021\/06\/bon-Logo_512x512px.png","contentUrl":"https:\/\/bon.de\/wp-content\/uploads\/2021\/06\/bon-Logo_512x512px.png","width":512,"height":512,"caption":"bon Optic Vertriebsgesellschaft mbH"},"image":{"@id":"https:\/\/bon.de\/#\/schema\/logo\/image\/"},"sameAs":["https:\/\/www.linkedin.com\/company\/bon-optic-vertriebsgesellschaft-mbh\/","https:\/\/www.youtube.com\/channel\/UCSURhENDItKaH88bvn8LlcA"]}]}},"_links":{"self":[{"href":"https:\/\/bon.de\/en\/wp-json\/wp\/v2\/pages\/5271","targetHints":{"allow":["GET"]}}],"collection":[{"href":"https:\/\/bon.de\/en\/wp-json\/wp\/v2\/pages"}],"about":[{"href":"https:\/\/bon.de\/en\/wp-json\/wp\/v2\/types\/page"}],"author":[{"embeddable":true,"href":"https:\/\/bon.de\/en\/wp-json\/wp\/v2\/users\/4"}],"replies":[{"embeddable":true,"href":"https:\/\/bon.de\/en\/wp-json\/wp\/v2\/comments?post=5271"}],"version-history":[{"count":2,"href":"https:\/\/bon.de\/en\/wp-json\/wp\/v2\/pages\/5271\/revisions"}],"predecessor-version":[{"id":5447,"href":"https:\/\/bon.de\/en\/wp-json\/wp\/v2\/pages\/5271\/revisions\/5447"}],"wp:attachment":[{"href":"https:\/\/bon.de\/en\/wp-json\/wp\/v2\/media?parent=5271"}],"curies":[{"name":"wp","href":"https:\/\/api.w.org\/{rel}","templated":true}]}}